{"id":2409,"date":"2016-04-02T12:51:53","date_gmt":"2016-04-02T11:51:53","guid":{"rendered":"http:\/\/lac.archi\/?post_type=portfolio&#038;p=2409"},"modified":"2021-02-18T19:30:09","modified_gmt":"2021-02-18T18:30:09","slug":"villa-messery-frize","status":"publish","type":"portfolio","link":"https:\/\/lac.archi\/fr\/portfolio-item\/villa-messery-frize\/","title":{"rendered":"VILLA Q"},"content":{"rendered":"<p>&nbsp;<\/p>\n<h2><strong>VILLA Q &#8211;\u00a0\u00a0r\u00e9novation<\/strong><\/h2>\n<h6>R\u00e9novation, restructuration et am\u00e9nagement des espaces int\u00e9rieurs d&#8217;une villa des ann\u00e9es 80 dans le quartier r\u00e9sidentiel de Frize \u00e0 Messery.<\/h6>\n<hr \/>\n<p><strong><br \/>\n<\/strong><b>Ma\u00eetrise<\/b><strong>\u00a0d&#8217;ouvrage: <\/strong>Priv\u00e9<br \/>\n<strong>Lieu<\/strong>: Messery, Haute-Savoie, France<br \/>\n<strong>Fonction<\/strong>: R\u00e9sidentielle \u2013 Habitation individuelle<br \/>\n<strong>Suprface<\/strong>: 250 m<sup>2<\/sup><br \/>\n<strong>Phases <\/strong>: Dossier de Consultation des Entreprises, Dossier d&#8217;Ex\u00e9cution\u00a0 et ma\u00eetrise d\u2019ouvrage.<\/p>\n<p><strong>Ann\u00e9e<\/strong>:\u00a02013<\/p>\n<div class=\"tg-no-post\">No post was found with your current grid settings.<br><br>You should verify if you have posts inside the current selected post type(s) and if the meta key filter is not too much restrictive.<\/div>\n","protected":false},"excerpt":{"rendered":"<p>&nbsp; VILLA Q &#8211;\u00a0\u00a0r\u00e9novation R\u00e9novation, restructuration et am\u00e9nagement des espaces int\u00e9rieurs d&#8217;une villa des ann\u00e9es 80 dans le quartier r\u00e9sidentiel de Frize \u00e0 Messery. Ma\u00eetrise\u00a0d&#8217;ouvrage: Priv\u00e9<span class=\"excerpt-hellip\"> [\u2026]<\/span><\/p>\n","protected":false},"author":1,"featured_media":0,"menu_order":6,"comment_status":"closed","ping_status":"closed","template":"","meta":[],"portfolio-types":[13,12],"class_list":["post-2409","portfolio","type-portfolio","status-publish","hentry","portfolio-types-architecture-interieur","portfolio-types-maisons-individuelles"],"yoast_head":"<!-- This site is optimized with the Yoast SEO plugin v15.8 - https:\/\/yoast.com\/wordpress\/plugins\/seo\/ -->\n<title>VILLA Q - LUCA CATTANEAO ARCHITECTE<\/title>\n<meta name=\"robots\" content=\"index, follow, max-snippet:-1, max-image-preview:large, max-video-preview:-1\" \/>\n<link rel=\"canonical\" href=\"https:\/\/lac.archi\/fr\/portfolio-item\/villa-messery-frize\/\" \/>\n<meta property=\"og:locale\" content=\"fr_FR\" \/>\n<meta property=\"og:type\" content=\"article\" \/>\n<meta property=\"og:title\" content=\"VILLA Q - LUCA CATTANEAO ARCHITECTE\" \/>\n<meta property=\"og:description\" content=\"&nbsp; VILLA Q &#8211;\u00a0\u00a0r\u00e9novation R\u00e9novation, restructuration et am\u00e9nagement des espaces int\u00e9rieurs d&#8217;une villa des ann\u00e9es 80 dans le quartier r\u00e9sidentiel de Frize \u00e0 Messery. Ma\u00eetrise\u00a0d&#8217;ouvrage: Priv\u00e9 [\u2026]\" \/>\n<meta property=\"og:url\" content=\"https:\/\/lac.archi\/fr\/portfolio-item\/villa-messery-frize\/\" \/>\n<meta property=\"og:site_name\" content=\"LAC\" \/>\n<meta property=\"article:modified_time\" content=\"2021-02-18T18:30:09+00:00\" \/>\n<meta name=\"twitter:card\" content=\"summary\" \/>\n<script type=\"application\/ld+json\" class=\"yoast-schema-graph\">{\"@context\":\"https:\/\/schema.org\",\"@graph\":[{\"@type\":\"Organization\",\"@id\":\"http:\/\/lac.archi\/fr\/#organization\",\"name\":\"LAC - LUCA CATTANEAO ARCHITECTE\",\"url\":\"http:\/\/lac.archi\/fr\/\",\"sameAs\":[],\"logo\":{\"@type\":\"ImageObject\",\"@id\":\"http:\/\/lac.archi\/fr\/#logo\",\"inLanguage\":\"fr-FR\",\"url\":\"https:\/\/lac.archi\/wp-content\/uploads\/2016\/09\/cropped-LAC-Logo.png\",\"width\":252,\"height\":112,\"caption\":\"LAC - LUCA CATTANEAO ARCHITECTE\"},\"image\":{\"@id\":\"http:\/\/lac.archi\/fr\/#logo\"}},{\"@type\":\"WebSite\",\"@id\":\"http:\/\/lac.archi\/fr\/#website\",\"url\":\"http:\/\/lac.archi\/fr\/\",\"name\":\"LAC\",\"description\":\"Architecture + architecture d&#039;interieurs\",\"publisher\":{\"@id\":\"http:\/\/lac.archi\/fr\/#organization\"},\"potentialAction\":[{\"@type\":\"SearchAction\",\"target\":\"http:\/\/lac.archi\/fr\/?s={search_term_string}\",\"query-input\":\"required name=search_term_string\"}],\"inLanguage\":\"fr-FR\"},{\"@type\":\"WebPage\",\"@id\":\"https:\/\/lac.archi\/fr\/portfolio-item\/villa-messery-frize\/#webpage\",\"url\":\"https:\/\/lac.archi\/fr\/portfolio-item\/villa-messery-frize\/\",\"name\":\"VILLA Q - LUCA CATTANEAO ARCHITECTE\",\"isPartOf\":{\"@id\":\"http:\/\/lac.archi\/fr\/#website\"},\"datePublished\":\"2016-04-02T11:51:53+00:00\",\"dateModified\":\"2021-02-18T18:30:09+00:00\",\"breadcrumb\":{\"@id\":\"https:\/\/lac.archi\/fr\/portfolio-item\/villa-messery-frize\/#breadcrumb\"},\"inLanguage\":\"fr-FR\",\"potentialAction\":[{\"@type\":\"ReadAction\",\"target\":[\"https:\/\/lac.archi\/fr\/portfolio-item\/villa-messery-frize\/\"]}]},{\"@type\":\"BreadcrumbList\",\"@id\":\"https:\/\/lac.archi\/fr\/portfolio-item\/villa-messery-frize\/#breadcrumb\",\"itemListElement\":[{\"@type\":\"ListItem\",\"position\":1,\"item\":{\"@type\":\"WebPage\",\"@id\":\"http:\/\/lac.archi\/fr\/\",\"url\":\"http:\/\/lac.archi\/fr\/\",\"name\":\"Accueil\"}},{\"@type\":\"ListItem\",\"position\":2,\"item\":{\"@type\":\"WebPage\",\"@id\":\"https:\/\/lac.archi\/fr\/portfolio-item\/villa-messery-frize\/\",\"url\":\"https:\/\/lac.archi\/fr\/portfolio-item\/villa-messery-frize\/\",\"name\":\"VILLA Q\"}}]}]}<\/script>\n<!-- \/ Yoast SEO plugin. -->","_links":{"self":[{"href":"https:\/\/lac.archi\/fr\/wp-json\/wp\/v2\/portfolio\/2409","targetHints":{"allow":["GET"]}}],"collection":[{"href":"https:\/\/lac.archi\/fr\/wp-json\/wp\/v2\/portfolio"}],"about":[{"href":"https:\/\/lac.archi\/fr\/wp-json\/wp\/v2\/types\/portfolio"}],"author":[{"embeddable":true,"href":"https:\/\/lac.archi\/fr\/wp-json\/wp\/v2\/users\/1"}],"replies":[{"embeddable":true,"href":"https:\/\/lac.archi\/fr\/wp-json\/wp\/v2\/comments?post=2409"}],"wp:attachment":[{"href":"https:\/\/lac.archi\/fr\/wp-json\/wp\/v2\/media?parent=2409"}],"wp:term":[{"taxonomy":"portfolio-types","embeddable":true,"href":"https:\/\/lac.archi\/fr\/wp-json\/wp\/v2\/portfolio-types?post=2409"}],"curies":[{"name":"wp","href":"https:\/\/api.w.org\/{rel}","templated":true}]}}